{"id":462,"date":"2022-05-04T17:34:16","date_gmt":"2022-05-04T22:34:16","guid":{"rendered":"https:\/\/mundosonoro.org\/?page_id=462"},"modified":"2024-07-31T15:21:38","modified_gmt":"2024-07-31T20:21:38","slug":"musica","status":"publish","type":"page","link":"https:\/\/mundosonoro.org\/?page_id=462","title":{"rendered":"M\u00fasica"},"content":{"rendered":"\n<div class=\"wp-block-columns is-layout-flex wp-container-core-columns-is-layout-9d6595d7 wp-block-columns-is-layout-flex\">\n<div class=\"wp-block-column is-layout-flow wp-block-column-is-layout-flow\">\n<div class=\"wp-block-group\"><div class=\"wp-block-group__inner-container is-layout-constrained wp-block-group-is-layout-constrained\">\n<h3 class=\"wp-block-heading\"><strong>El Esp\u00edritu de la Navidad- Coro Armon\u00eda &#8211; CD 2012<\/strong><\/h3>\n\n\n\n<p>Selecci\u00f3n de canciones navide\u00f1as colombianas interpretadas en las voces infantiles del coro Armon\u00eda con el acompa\u00f1amiento instrumental de Cantatierra<\/p>\n<\/div><\/div>\n\n\n\n<div class=\"wp-block-columns is-layout-flex wp-container-core-columns-is-layout-9d6595d7 wp-block-columns-is-layout-flex\">\n<div class=\"wp-block-column is-layout-flow wp-block-column-is-layout-flow\"><\/div>\n\n\n\n<div class=\"wp-block-column is-layout-flow wp-block-column-is-layout-flow\">\n<ul class=\"wp-block-list\">\n<li class=\"has-small-font-size\"><strong><em>Lleg\u00f3 Navidad<\/em><\/strong>\/Bambuco\/ Daniel Adolfo Vi\u00f1a.<\/li>\n\n\n\n<li class=\"has-small-font-size\"><strong><em>Regalos de danza y Luna<\/em><\/strong>&nbsp;\/cumbia\/Mar\u00eda Cristina Rivera.<\/li>\n\n\n\n<li class=\"has-small-font-size\"><strong><em>Pasito Pasito<\/em><\/strong>&nbsp;\/bambuco\/Isabel Chava Rubio.<\/li>\n\n\n\n<li class=\"has-small-font-size\"><strong><em>Navidad en Mi tierra<\/em><\/strong>\/rajale\u00f1a\/ Nubia Mafla.<\/li>\n\n\n\n<li class=\"has-small-font-size\"><strong><em>Sue\u00f1os de Caf\u00e9\/<\/em><\/strong>bambuco fusi\u00f3n\/Carlos Vives.<\/li>\n\n\n\n<li class=\"has-small-font-size\"><strong><em>Suenen las voces<\/em><\/strong>\/ bambuco\/Leonardo Laverde.<\/li>\n\n\n\n<li class=\"has-small-font-size\"><strong><em>Tamborcito de barro<\/em><\/strong>\/ cumbia\/Jairo Ojeda.<\/li>\n\n\n\n<li class=\"has-small-font-size\"><strong><em>Tu Pa\u00eds, mi pa\u00eds<\/em><\/strong>\/son fusi\u00f3n\/Miguel E. Cubillos\/\u00c1lvaro Gaviria \u00c1ngel.<\/li>\n<\/ul>\n<\/div>\n<\/div>\n\n\n\n<p><strong>Pijao en el Coraz\u00f3n de Colombia CD 2007<\/strong><\/p>\n\n\n\n<p><strong>Las agrupaciones Cantatierra, Dueto Aikos, dueto Nubes Verdes, y el Dueto Ra\u00edces se une para producir una selecci\u00f3n de la mejor m\u00fasica andina colombiana<\/strong><\/p>\n\n\n\n<div class=\"wp-block-columns is-layout-flex wp-container-core-columns-is-layout-9d6595d7 wp-block-columns-is-layout-flex\">\n<div class=\"wp-block-column is-layout-flow wp-block-column-is-layout-flow\">\n<figure class=\"wp-block-image size-large is-resized\"><img loading=\"lazy\" decoding=\"async\" width=\"1024\" height=\"916\" src=\"https:\/\/mundosonoro.org\/wp-content\/uploads\/2023\/03\/CD-PIJAO-2-1024x916.png\" alt=\"\" class=\"wp-image-713\" style=\"width:329px;height:332px\" srcset=\"https:\/\/mundosonoro.org\/wp-content\/uploads\/2023\/03\/CD-PIJAO-2-1024x916.png 1024w, https:\/\/mundosonoro.org\/wp-content\/uploads\/2023\/03\/CD-PIJAO-2-300x268.png 300w, https:\/\/mundosonoro.org\/wp-content\/uploads\/2023\/03\/CD-PIJAO-2-768x687.png 768w, https:\/\/mundosonoro.org\/wp-content\/uploads\/2023\/03\/CD-PIJAO-2-1536x1373.png 1536w, https:\/\/mundosonoro.org\/wp-content\/uploads\/2023\/03\/CD-PIJAO-2-13x12.png 13w, https:\/\/mundosonoro.org\/wp-content\/uploads\/2023\/03\/CD-PIJAO-2.png 1652w\" sizes=\"auto, (max-width: 1024px) 100vw, 1024px\" \/><\/figure>\n<\/div>\n\n\n\n<div class=\"wp-block-column is-layout-flow wp-block-column-is-layout-flow\">\n<ul class=\"wp-block-list\">\n<li class=\"has-small-font-size\"><strong><em>1. Canta un pijao Bambuco<\/em><\/strong>\/Jorge Humberto Jim\u00e9nez (Dueto Aikos).<\/li>\n\n\n\n<li class=\"has-small-font-size\">2 <strong><em>Me Gusta tu olor a penumbra<\/em><\/strong> bambuco\/Gustavo Adolfo Rengifo (Nubes Verdes).3. <strong><em>Ca\u00f1a Mestiza<\/em><\/strong> \/ Luis E. Arag\u00f3n (Dueto Raices)<\/li>\n\n\n\n<li class=\"has-small-font-size\"><strong><em>4. Fiestas Tradicionales<\/em><\/strong> \/rajale\u00f1a\/ Blanca \u00c1lvarez (Cantatierra).&nbsp;<\/li>\n\n\n\n<li class=\"has-small-font-size\">5. <strong><em>Chatica Linda<\/em><\/strong> Bambuco \/ Jorge Camargo Espolidore (Dueto Aikos)<\/li>\n\n\n\n<li class=\"has-small-font-size\">&nbsp;6. <strong><em>Me fascina sentirte Colombia<\/em><\/strong>\/ Miranda Bunguey- Juli\u00e1n Segura (Nubes Verdes). 7. <strong><em>La Nana<\/em><\/strong> \/ Ana Mar\u00eda Naranjo (Dueto Raices)<\/li>\n\n\n\n<li class=\"has-small-font-size\"><strong><em>8 Reproche<\/em><\/strong> \/ Chava Rubio Luis Uribe Bueno (Cantatierra) <\/li>\n\n\n\n<li class=\"has-small-font-size\"><strong><em>9. El Trapiche<\/em><\/strong> \/Bco\/ Luis Carlos Gonz\u00e1lez (Dueto Aikos)<\/li>\n\n\n\n<li class=\"has-small-font-size\"><strong><em>10. Alegr\u00edas<\/em><\/strong> \/ Tambora\/ Juli\u00e1n Segura (Nubves Verdes)<\/li>\n\n\n\n<li class=\"has-small-font-size\"><strong><em>11. El Tiempo<\/em><\/strong> \/Bco\/ Chucho Mesa- Dar\u00edo Moreno (Dueto Raices)<\/li>\n\n\n\n<li class=\"has-small-font-size\"><strong><em>12. Alegr\u00eda Tolimense<\/em><\/strong>\/ Sanjuanero \/ Cantalicio Rojas (Cantatierra)<\/li>\n<\/ul>\n\n\n\n<p class=\"has-small-font-size\">C\u00f3digo # CMS-026 <\/p>\n<\/div>\n<\/div>\n\n\n\n<div class=\"wp-block-group\"><div class=\"wp-block-group__inner-container is-layout-constrained wp-block-group-is-layout-constrained\">\n<div class=\"wp-block-columns is-layout-flex wp-container-core-columns-is-layout-9d6595d7 wp-block-columns-is-layout-flex\">\n<div class=\"wp-block-column is-layout-flow wp-block-column-is-layout-flow\">\n<h3 class=\"wp-block-heading\">Nuestra navidad &#8211; grupo cantatierra 2003<\/h3>\n\n\n\n<p>Grabaci\u00f3n de antolog\u00eda sobre villancicos colombianos y latinoamericanos interpretados por el grupo Cantatierra<\/p>\n\n\n\n<div class=\"wp-block-columns is-layout-flex wp-container-core-columns-is-layout-9d6595d7 wp-block-columns-is-layout-flex\">\n<div class=\"wp-block-column is-layout-flow wp-block-column-is-layout-flow\">\n<figure class=\"wp-block-image size-full\"><img loading=\"lazy\" decoding=\"async\" width=\"593\" height=\"595\" src=\"https:\/\/mundosonoro.org\/wp-content\/uploads\/2023\/06\/Nuestra-navidad-cantatierra-2.jpg\" alt=\"\" class=\"wp-image-762\" srcset=\"https:\/\/mundosonoro.org\/wp-content\/uploads\/2023\/06\/Nuestra-navidad-cantatierra-2.jpg 593w, https:\/\/mundosonoro.org\/wp-content\/uploads\/2023\/06\/Nuestra-navidad-cantatierra-2-300x300.jpg 300w, https:\/\/mundosonoro.org\/wp-content\/uploads\/2023\/06\/Nuestra-navidad-cantatierra-2-150x150.jpg 150w, https:\/\/mundosonoro.org\/wp-content\/uploads\/2023\/06\/Nuestra-navidad-cantatierra-2-12x12.jpg 12w\" sizes=\"auto, (max-width: 593px) 100vw, 593px\" \/><\/figure>\n<\/div>\n\n\n\n<div class=\"wp-block-column is-layout-flow wp-block-column-is-layout-flow\">\n<ul class=\"wp-block-list\">\n<li class=\"has-small-font-size\"><em><strong>Ni\u00f1o del Alma<\/strong> \/bambuco\/Luis Carlos Gonz\u00e1lez.<\/em><\/li>\n\n\n\n<li class=\"has-small-font-size\"><em><strong>Ha Nacido el Ni\u00f1o<\/strong> \/ Trad. Venezolano<\/em><\/li>\n\n\n\n<li class=\"has-small-font-size\"><em><strong>Villancico Campesino<\/strong>\/ Rumba criolla\/ Leonor Buenaventura de Valencia.<\/em><\/li>\n\n\n\n<li class=\"has-small-font-size\"><em><strong>La Peregrinaci\u00f3n<\/strong>\/ huella pampeana\/ Ariel Ram\u00edrez- F\u00e9lix Luna.<\/em><\/li>\n\n\n\n<li class=\"has-small-font-size\"><em><strong>Canta Vecino<\/strong>\/bambuco\/ Jorge Humberto Jim\u00e9nez<\/em><\/li>\n\n\n\n<li class=\"has-small-font-size\"><em><strong>Los Reyes Magos<\/strong>\/Takirari\/ Ariel Ram\u00edrez- F\u00e9lix Luna<\/em><\/li>\n\n\n\n<li class=\"has-small-font-size\"><em><strong>Pasito Pasito<\/strong>\/ bambuco\/Chava Rubio<\/em><\/li>\n\n\n\n<li class=\"has-small-font-size\"><em><strong>Regalos para el ni\u00f1o<\/strong>\/ sanjuanito\/ Jorge Humberto<\/em><\/li>\n\n\n\n<li class=\"has-small-font-size\"><em><strong>Lleg\u00f3 Navidad<\/strong>\/ bambuco\/ Daniel Vi\u00f1a Caycedo.<\/em><\/li>\n\n\n\n<li class=\"has-small-font-size\"><em><strong>Reyes y pastores<\/strong>\/ Rumba criolla\/ Isabel Chava Rubio<\/em>.<\/li>\n\n\n\n<li class=\"has-small-font-size\"><em><strong>Velo que bonito<\/strong>\/villancico del pac\u00edfico colombiano.<\/em><\/li>\n\n\n\n<li class=\"has-small-font-size\"><em><strong>Navidad en mi tierra<\/strong>\/rajale\u00f1a\/ Nubia Mafla V\u00e1squez.<\/em><\/li>\n<\/ul>\n<\/div>\n<\/div>\n\n\n\n<p class=\"has-text-align-right\">C\u00f3digo # CMS-023<\/p>\n<\/div>\n<\/div>\n<\/div><\/div>\n<\/div>\n<\/div>\n\n\n\n<div class=\"wp-block-group\"><div class=\"wp-block-group__inner-container is-layout-constrained wp-block-group-is-layout-constrained\">\n<div class=\"wp-block-columns is-layout-flex wp-container-core-columns-is-layout-9d6595d7 wp-block-columns-is-layout-flex\">\n<div class=\"wp-block-column is-layout-flow wp-block-column-is-layout-flow\">\n<h3 class=\"wp-block-heading\"><strong>Memoria de Cantalicio Rojas &#8211; Grupo Cantatierra 1993<\/strong><\/h3>\n\n\n\n<p><strong>Grabaci\u00f3n antolog\u00eda sobre obras de Cantalicio Rojas Gonz\u00e1lez, interpretadas por el grupo Cantatierra.<\/strong><\/p>\n<\/div>\n<\/div>\n<\/div><\/div>\n\n\n\n<div class=\"wp-block-columns is-layout-flex wp-container-core-columns-is-layout-9d6595d7 wp-block-columns-is-layout-flex\">\n<div class=\"wp-block-column is-layout-flow wp-block-column-is-layout-flow\">\n<figure class=\"wp-block-image size-full is-resized\"><img loading=\"lazy\" decoding=\"async\" width=\"280\" height=\"282\" src=\"https:\/\/mundosonoro.org\/wp-content\/uploads\/2022\/05\/LP-CAntalicio.jpg\" alt=\"\" class=\"wp-image-473\" style=\"width:337px;height:384px\" srcset=\"https:\/\/mundosonoro.org\/wp-content\/uploads\/2022\/05\/LP-CAntalicio.jpg 280w, https:\/\/mundosonoro.org\/wp-content\/uploads\/2022\/05\/LP-CAntalicio-150x150.jpg 150w\" sizes=\"auto, (max-width: 280px) 100vw, 280px\" \/><\/figure>\n<\/div>\n\n\n\n<div class=\"wp-block-column is-layout-flow wp-block-column-is-layout-flow\">\n<ul class=\"wp-block-list\">\n<li>1.<strong> <a href=\"https:\/\/drive.google.com\/file\/d\/1DTOPBx0TRaswnLUXAwBrRvaxmY3aUAKL\/view?usp=drive_link\" data-type=\"link\" data-id=\"https:\/\/drive.google.com\/file\/d\/1DTOPBx0TRaswnLUXAwBrRvaxmY3aUAKL\/view?usp=drive_link\"><em>Ca\u00f1a N\u00ba5<\/em>.<\/a><\/strong><\/li>\n\n\n\n<li>2. <a href=\"https:\/\/drive.google.com\/file\/d\/17gRofVEgPQDjxWsq24Mgenfq1agzpM2K\/view?usp=sharing\" data-type=\"link\" data-id=\"https:\/\/drive.google.com\/file\/d\/17gRofVEgPQDjxWsq24Mgenfq1agzpM2K\/view?usp=sharing\"><strong><em>La Pesca<\/em><\/strong>\/ bambuco<\/a>.<\/li>\n\n\n\n<li>3. <a href=\"https:\/\/drive.google.com\/file\/d\/1G_u-FI20-VxQfrb0ZgEV1hOk6li3oXw3\/view?usp=drive_link\" data-type=\"link\" data-id=\"https:\/\/drive.google.com\/file\/d\/1G_u-FI20-VxQfrb0ZgEV1hOk6li3oXw3\/view?usp=drive_link\"><strong><em>Adrianita Rojas<\/em><\/strong>\/ Polka.<\/a><\/li>\n\n\n\n<li>4. <a href=\"https:\/\/drive.google.com\/file\/d\/1dYG2hPuVVspG32j_x1Vz24gBih9ozWOU\/view?usp=drive_link\" data-type=\"link\" data-id=\"https:\/\/drive.google.com\/file\/d\/1dYG2hPuVVspG32j_x1Vz24gBih9ozWOU\/view?usp=drive_link\"><strong><em>Sentimiento Ind\u00edgena<\/em><\/strong>\/ bambuco fiestero,<\/a>.<\/li>\n\n\n\n<li>5. <a href=\"https:\/\/drive.google.com\/file\/d\/14VZM7FSnCBhlJXrnnl78_ERea-u47roK\/view?usp=drive_link\" data-type=\"link\" data-id=\"https:\/\/drive.google.com\/file\/d\/14VZM7FSnCBhlJXrnnl78_ERea-u47roK\/view?usp=drive_link\"><strong><em>El pe\u00f3n y el Hacendado<\/em><\/strong>\/ guabina.<\/a><\/li>\n\n\n\n<li>6<a href=\"https:\/\/drive.google.com\/file\/d\/1y9swsA1gvxYW5pVofxdwf7oWXJZOKICa\/view?usp=drive_link\" data-type=\"link\" data-id=\"https:\/\/drive.google.com\/file\/d\/1y9swsA1gvxYW5pVofxdwf7oWXJZOKICa\/view?usp=drive_link\"> <strong><em>Los Matachines<\/em><\/strong>\/ parrandero.<\/a><\/li>\n\n\n\n<li>7. <a href=\"https:\/\/drive.google.com\/file\/d\/1w5m6VD-qFBIVnYJ1Cl-rbw0yS9Lpq80b\/view?usp=drive_link\" data-type=\"link\" data-id=\"https:\/\/drive.google.com\/file\/d\/1w5m6VD-qFBIVnYJ1Cl-rbw0yS9Lpq80b\/view?usp=drive_link\"><strong><em>Ca\u00f1a N\u00ba 1<\/em><\/strong>\/son ind\u00edgena.<\/a><\/li>\n\n\n\n<li>8.<em> <a href=\"https:\/\/drive.google.com\/file\/d\/16SD8KFmENUzMovMYHcfb6A077btc4WAL\/view?usp=drive_link\" data-type=\"link\" data-id=\"https:\/\/drive.google.com\/file\/d\/16SD8KFmENUzMovMYHcfb6A077btc4WAL\/view?usp=drive_link\"><strong>El Enamorao<\/strong> \/ bambuco<\/a><\/em><\/li>\n\n\n\n<li>9. <a href=\"https:\/\/drive.google.com\/file\/d\/1wFyYdibgIUpW847ZE-hnD11uj_9cXQzo\/view?usp=drive_link\" data-type=\"link\" data-id=\"https:\/\/drive.google.com\/file\/d\/1wFyYdibgIUpW847ZE-hnD11uj_9cXQzo\/view?usp=drive_link\"><strong><em>Ca\u00f1a N\u00ba 4<\/em><\/strong><em>\/<\/em> son ind\u00edgena.<\/a><\/li>\n\n\n\n<li>10 <a href=\"https:\/\/drive.google.com\/file\/d\/1Hlw50oVvADsnlpVvD-pTBQoNnN03336H\/view?usp=drive_link\" data-type=\"link\" data-id=\"https:\/\/drive.google.com\/file\/d\/1Hlw50oVvADsnlpVvD-pTBQoNnN03336H\/view?usp=drive_link\"><strong><em>Carameleo<\/em><\/strong> \/ pasillo.<\/a><\/li>\n\n\n\n<li>11.<a href=\"https:\/\/drive.google.com\/file\/d\/1qYfa6W2JA-vqdvx8op-nMruTDRqZb-5z\/view?usp=drive_link\" data-type=\"link\" data-id=\"https:\/\/drive.google.com\/file\/d\/1qYfa6W2JA-vqdvx8op-nMruTDRqZb-5z\/view?usp=drive_link\"> <strong><em>La Mirla<\/em><\/strong> \/ Rumba criolla.<\/a><\/li>\n\n\n\n<li>12. <em><a href=\"https:\/\/drive.google.com\/file\/d\/1rI9f0V6HbzNhGpx14W6JCMBJ6Lct2j_0\/view?usp=drive_link\" data-type=\"link\" data-id=\"https:\/\/drive.google.com\/file\/d\/1rI9f0V6HbzNhGpx14W6JCMBJ6Lct2j_0\/view?usp=drive_link\"><strong>Alegr\u00eda Tolimense<\/strong>\/ bambuco Fiestero<\/a><\/em><\/li>\n\n\n\n<li>C\u00f3digo # CMS-024 <\/li>\n<\/ul>\n<\/div>\n<\/div>\n\n\n\n<p> Incluye descripci\u00f3n detallada de las obras. Esta producci\u00f3n acompa\u00f1a el libro del mismo t\u00edtulo.<\/p>\n\n\n\n<p><\/p>\n\n\n\n<p><\/p>\n\n\n\n<p><\/p>\n\n\n\n<p><\/p>\n","protected":false},"excerpt":{"rendered":"<p>El Esp\u00edritu de la Navidad- Coro Armon\u00eda &#8211; CD 2012 Selecci\u00f3n de canciones navide\u00f1as colombianas interpretadas en las voces infantiles del coro Armon\u00eda con el acompa\u00f1amiento instrumental de Cantatierra Pijao&hellip;<\/p>\n","protected":false},"author":1,"featured_media":0,"parent":0,"menu_order":0,"comment_status":"closed","ping_status":"closed","template":"","meta":{"footnotes":""},"class_list":["post-462","page","type-page","status-publish","hentry"],"_links":{"self":[{"href":"https:\/\/mundosonoro.org\/index.php?rest_route=\/wp\/v2\/pages\/462","targetHints":{"allow":["GET"]}}],"collection":[{"href":"https:\/\/mundosonoro.org\/index.php?rest_route=\/wp\/v2\/pages"}],"about":[{"href":"https:\/\/mundosonoro.org\/index.php?rest_route=\/wp\/v2\/types\/page"}],"author":[{"embeddable":true,"href":"https:\/\/mundosonoro.org\/index.php?rest_route=\/wp\/v2\/users\/1"}],"replies":[{"embeddable":true,"href":"https:\/\/mundosonoro.org\/index.php?rest_route=%2Fwp%2Fv2%2Fcomments&post=462"}],"version-history":[{"count":12,"href":"https:\/\/mundosonoro.org\/index.php?rest_route=\/wp\/v2\/pages\/462\/revisions"}],"predecessor-version":[{"id":1317,"href":"https:\/\/mundosonoro.org\/index.php?rest_route=\/wp\/v2\/pages\/462\/revisions\/1317"}],"wp:attachment":[{"href":"https:\/\/mundosonoro.org\/index.php?rest_route=%2Fwp%2Fv2%2Fmedia&parent=462"}],"curies":[{"name":"wp","href":"https:\/\/api.w.org\/{rel}","templated":true}]}}