{"id":638,"date":"2022-10-28T13:23:07","date_gmt":"2022-10-28T18:23:07","guid":{"rendered":"https:\/\/mundosonoro.org\/?page_id=638"},"modified":"2025-07-21T15:44:52","modified_gmt":"2025-07-21T20:44:52","slug":"india-y-lejano-oriente-las-culturas-milenarias","status":"publish","type":"page","link":"https:\/\/mundosonoro.org\/?page_id=638","title":{"rendered":"SALA 3 OR\u00cdGENES: SONIDOS DE \u00c1FRICA Y EL MEDITERR\u00c1NEO"},"content":{"rendered":"\n<p>La m\u00fasica de \u00c1frica y el Mediterr\u00e1neo se caracteriza por una profunda conexi\u00f3n con la tradici\u00f3n oral, el ritmo y la interacci\u00f3n comunitaria. En \u00c1frica, los sonidos son ricos en polirritmias, donde las percusiones juegan un papel central. Instrumentos como el <em>djembe<\/em>, el <em>balaf\u00f3n<\/em> y el <em>ngoni<\/em> son emblem\u00e1ticos de distintas regiones, produciendo sonidos que transmiten emociones colectivas. En la cuenca mediterr\u00e1nea, la m\u00fasica fusiona influencias de culturas \u00e1rabes, europeas y africanas, con una marcada presencia de melod\u00edas modales y el uso de instrumentos como el la\u00fad, la darbuka y la zurna. Ambas tradiciones tienen una relaci\u00f3n profunda con la identidad cultural y la memoria colectiva, y su m\u00fasica refleja una continua transformaci\u00f3n influenciada por los contactos intercontinentales.<br><\/p>\n\n\n\n<figure class=\"wp-block-image size-full\"><img loading=\"lazy\" decoding=\"async\" width=\"980\" height=\"449\" src=\"https:\/\/mundosonoro.org\/wp-content\/uploads\/2025\/02\/cropped-Sala-3-Panoramica_by_Stellarmedia-scaled-1.jpeg\" alt=\"\" class=\"wp-image-1411\" srcset=\"https:\/\/mundosonoro.org\/wp-content\/uploads\/2025\/02\/cropped-Sala-3-Panoramica_by_Stellarmedia-scaled-1.jpeg 980w, https:\/\/mundosonoro.org\/wp-content\/uploads\/2025\/02\/cropped-Sala-3-Panoramica_by_Stellarmedia-scaled-1-300x137.jpeg 300w, https:\/\/mundosonoro.org\/wp-content\/uploads\/2025\/02\/cropped-Sala-3-Panoramica_by_Stellarmedia-scaled-1-768x352.jpeg 768w, https:\/\/mundosonoro.org\/wp-content\/uploads\/2025\/02\/cropped-Sala-3-Panoramica_by_Stellarmedia-scaled-1-18x8.jpeg 18w, https:\/\/mundosonoro.org\/wp-content\/uploads\/2025\/02\/cropped-Sala-3-Panoramica_by_Stellarmedia-scaled-1-654x300.jpeg 654w\" sizes=\"auto, (max-width: 980px) 100vw, 980px\" \/><\/figure>\n\n\n\n<p>Instrumentos: &nbsp;Sistro \/ Kora \/ Kayamba \/ Darbuka \/ Djembe\/ Sansa \/ Djembe \/ Shennai \/ Gunibri \/ Mijwiz \/ Zurna \/ Oud \/ Rabab&nbsp; \/ Saz \/ Kemence \/ Sagats \/ Daff \/ Rik&nbsp; \/ tambor-Dondo \/ Khen \/ Tambor-Tonga \/ Ektara \/ Rabab \/ didgeridoo.<\/p>\n\n\n<div class=\"wp-block-image\">\n<figure class=\"aligncenter size-large is-resized\"><img loading=\"lazy\" decoding=\"async\" width=\"1024\" height=\"576\" src=\"https:\/\/mundosonoro.org\/wp-content\/uploads\/2023\/07\/20-DARBUKA-1024x576.jpeg\" alt=\"\" class=\"wp-image-856\" style=\"width:615px;height:auto\" srcset=\"https:\/\/mundosonoro.org\/wp-content\/uploads\/2023\/07\/20-DARBUKA-1024x576.jpeg 1024w, https:\/\/mundosonoro.org\/wp-content\/uploads\/2023\/07\/20-DARBUKA-300x169.jpeg 300w, https:\/\/mundosonoro.org\/wp-content\/uploads\/2023\/07\/20-DARBUKA-768x432.jpeg 768w, https:\/\/mundosonoro.org\/wp-content\/uploads\/2023\/07\/20-DARBUKA-18x10.jpeg 18w, https:\/\/mundosonoro.org\/wp-content\/uploads\/2023\/07\/20-DARBUKA.jpeg 1200w\" sizes=\"auto, (max-width: 1024px) 100vw, 1024px\" \/><\/figure>\n<\/div>\n\n\n<figure class=\"wp-block-audio\"><audio  controls src=\"https:\/\/mundosonoro.org\/wp-content\/uploads\/2023\/10\/060-Darbuka.mp3\"><\/audio><\/figure>\n\n\n<div class=\"wp-block-image\">\n<figure class=\"aligncenter size-large is-resized\"><img loading=\"lazy\" decoding=\"async\" width=\"1024\" height=\"576\" src=\"https:\/\/mundosonoro.org\/wp-content\/uploads\/2025\/04\/118-Oud-1024x576.jpg\" alt=\"\" class=\"wp-image-1578\" style=\"width:619px;height:auto\" srcset=\"https:\/\/mundosonoro.org\/wp-content\/uploads\/2025\/04\/118-Oud-1024x576.jpg 1024w, https:\/\/mundosonoro.org\/wp-content\/uploads\/2025\/04\/118-Oud-300x169.jpg 300w, https:\/\/mundosonoro.org\/wp-content\/uploads\/2025\/04\/118-Oud-768x432.jpg 768w, https:\/\/mundosonoro.org\/wp-content\/uploads\/2025\/04\/118-Oud-18x10.jpg 18w, https:\/\/mundosonoro.org\/wp-content\/uploads\/2025\/04\/118-Oud.jpg 1280w\" sizes=\"auto, (max-width: 1024px) 100vw, 1024px\" \/><\/figure>\n<\/div>\n\n\n<figure class=\"wp-block-audio\"><audio  controls src=\"https:\/\/mundosonoro.org\/wp-content\/uploads\/2023\/10\/123-Oud.mp3\"><\/audio><\/figure>\n\n\n\n<figure class=\"wp-block-image size-large\"><img loading=\"lazy\" decoding=\"async\" width=\"1024\" height=\"576\" src=\"https:\/\/mundosonoro.org\/wp-content\/uploads\/2025\/04\/115-Mijwiz-1024x576.jpg\" alt=\"\" class=\"wp-image-1577\" srcset=\"https:\/\/mundosonoro.org\/wp-content\/uploads\/2025\/04\/115-Mijwiz-1024x576.jpg 1024w, https:\/\/mundosonoro.org\/wp-content\/uploads\/2025\/04\/115-Mijwiz-300x169.jpg 300w, https:\/\/mundosonoro.org\/wp-content\/uploads\/2025\/04\/115-Mijwiz-768x432.jpg 768w, https:\/\/mundosonoro.org\/wp-content\/uploads\/2025\/04\/115-Mijwiz-18x10.jpg 18w, https:\/\/mundosonoro.org\/wp-content\/uploads\/2025\/04\/115-Mijwiz.jpg 1280w\" sizes=\"auto, (max-width: 1024px) 100vw, 1024px\" \/><\/figure>\n\n\n\n<figure class=\"wp-block-audio\"><audio  controls src=\"https:\/\/mundosonoro.org\/wp-content\/uploads\/2023\/10\/120-Mijwiz.mp3\"><\/audio><\/figure>\n\n\n\n<p class=\"has-text-align-center\"><strong>Kora<\/strong><\/p>\n\n\n\n<figure class=\"wp-block-audio\"><audio  controls src=\"https:\/\/mundosonoro.org\/wp-content\/uploads\/2025\/07\/045-Kora.mp3\"><\/audio><\/figure>\n\n\n\n<p class=\"has-text-align-center\"><strong>Guembri<\/strong><\/p>\n\n\n\n<figure class=\"wp-block-audio\"><audio  data-artist=\"Stories From The Edge of Life\" data-title=\"The Guembri from Morocco!\" controls src=\"https:\/\/mundosonoro.org\/wp-content\/uploads\/2025\/07\/114-Guembri.mp3\"><\/audio><\/figure>\n\n\n\n<p class=\"has-text-align-center\"><strong>Sansa<\/strong><\/p>\n\n\n\n<figure class=\"wp-block-audio\"><audio  controls src=\"https:\/\/mundosonoro.org\/wp-content\/uploads\/2025\/07\/094-Sansa.mp3\"><\/audio><\/figure>\n\n\n\n<p class=\"has-text-align-center\"><strong>Djembe<\/strong><\/p>\n\n\n\n<figure class=\"wp-block-audio\"><audio  controls src=\"https:\/\/mundosonoro.org\/wp-content\/uploads\/2025\/07\/093-Djembe.mp3\"><\/audio><\/figure>\n\n\n\n<p>dondo<\/p>\n\n\n\n<figure class=\"wp-block-audio\"><audio  controls src=\"https:\/\/mundosonoro.org\/wp-content\/uploads\/2025\/07\/146-Dondo.mp3\"><\/audio><\/figure>\n\n\n\n<p>REBAB<\/p>\n\n\n\n<figure class=\"wp-block-audio\"><audio  data-artist=\"dmc\" data-title=\"\u0627\u0644\u0633\u0641\u064a\u0631\u0629 \u0639\u0632\u064a\u0632\u0629 - \u0645\u0642\u0637\u0648\u0639\u0629 \u0645\u0648\u0633\u064a\u0642\u064a\u0629 \u0631\u0627\u0626\u0639\u0629 \u0628\u0627\u0644\u0631\u0628\u0627\u0628\u0629 \u0648\u0627\u0644\u0645\u0632\u0645\u0627\u0631\" controls src=\"https:\/\/mundosonoro.org\/wp-content\/uploads\/2025\/07\/119-Rabab-egipcio.mp3\"><\/audio><\/figure>\n\n\n\n<h2 class=\"wp-block-heading has-text-align-center\">MEDITERRANEO<\/h2>\n\n\n\n<p class=\"has-text-align-center\"><strong>Rabab<\/strong><\/p>\n\n\n\n<figure class=\"wp-block-audio\"><audio  controls src=\"https:\/\/mundosonoro.org\/wp-content\/uploads\/2025\/07\/124-Rabab.mp3\"><\/audio><\/figure>\n\n\n\n<p class=\"has-text-align-center\"><strong>Daff<\/strong><\/p>\n\n\n\n<figure class=\"wp-block-audio\"><audio  controls src=\"https:\/\/mundosonoro.org\/wp-content\/uploads\/2025\/07\/129-Daff.mp3\"><\/audio><\/figure>\n\n\n\n<p class=\"has-text-align-center\"><strong>Rik<\/strong><\/p>\n\n\n\n<figure class=\"wp-block-audio\"><audio  controls src=\"https:\/\/mundosonoro.org\/wp-content\/uploads\/2025\/07\/131-Rik.mp3\"><\/audio><\/figure>\n\n\n\n<p class=\"has-text-align-center\"><strong>Mijwiz<\/strong><\/p>\n\n\n\n<figure class=\"wp-block-audio\"><audio  controls src=\"https:\/\/mundosonoro.org\/wp-content\/uploads\/2025\/07\/120-Mijwiz.mp3\"><\/audio><\/figure>\n\n\n\n<p class=\"has-text-align-center\"><strong>Zuma<\/strong><\/p>\n\n\n\n<figure class=\"wp-block-audio\"><audio  controls src=\"https:\/\/mundosonoro.org\/wp-content\/uploads\/2025\/07\/122-Zurna.mp3\"><\/audio><\/figure>\n","protected":false},"excerpt":{"rendered":"<p>La m\u00fasica de \u00c1frica y el Mediterr\u00e1neo se caracteriza por una profunda conexi\u00f3n con la tradici\u00f3n oral, el ritmo y la interacci\u00f3n comunitaria. En \u00c1frica, los sonidos son ricos en&hellip;<\/p>\n","protected":false},"author":1,"featured_media":1411,"parent":0,"menu_order":0,"comment_status":"closed","ping_status":"closed","template":"","meta":{"footnotes":""},"class_list":["post-638","page","type-page","status-publish","has-post-thumbnail","hentry"],"_links":{"self":[{"href":"https:\/\/mundosonoro.org\/index.php?rest_route=\/wp\/v2\/pages\/638","targetHints":{"allow":["GET"]}}],"collection":[{"href":"https:\/\/mundosonoro.org\/index.php?rest_route=\/wp\/v2\/pages"}],"about":[{"href":"https:\/\/mundosonoro.org\/index.php?rest_route=\/wp\/v2\/types\/page"}],"author":[{"embeddable":true,"href":"https:\/\/mundosonoro.org\/index.php?rest_route=\/wp\/v2\/users\/1"}],"replies":[{"embeddable":true,"href":"https:\/\/mundosonoro.org\/index.php?rest_route=%2Fwp%2Fv2%2Fcomments&post=638"}],"version-history":[{"count":13,"href":"https:\/\/mundosonoro.org\/index.php?rest_route=\/wp\/v2\/pages\/638\/revisions"}],"predecessor-version":[{"id":1742,"href":"https:\/\/mundosonoro.org\/index.php?rest_route=\/wp\/v2\/pages\/638\/revisions\/1742"}],"wp:featuredmedia":[{"embeddable":true,"href":"https:\/\/mundosonoro.org\/index.php?rest_route=\/wp\/v2\/media\/1411"}],"wp:attachment":[{"href":"https:\/\/mundosonoro.org\/index.php?rest_route=%2Fwp%2Fv2%2Fmedia&parent=638"}],"curies":[{"name":"wp","href":"https:\/\/api.w.org\/{rel}","templated":true}]}}